{"version":"1.0","provider_name":"Avon sz\u00e9ps\u00e9gtippek","provider_url":"https:\/\/avontippek.cafeblog.hu","author_name":"PattiVera","author_url":"https:\/\/avontippek.cafeblog.hu\/author\/pattivera\/","title":"Haj-baj! ","html":"Ilyenkor ny\u00e1ron a hajunk is ugyanolyan v\u00e9delemre szorul, mint a b\u0151r\u00fcnk. Sokszor azonban ez nem jut esz\u00fcnkbe, hiszen nem \u00e9rezz\u00fck, ahogy perzseli a nap, m\u00e9gis \u00f3ri\u00e1si k\u00e1rokat okozhat. Hajunk nagyon s\u00e9r\u00fcl\u00e9keny \u00e9s hossz\u00fa id\u0151be telik, am\u00edg \u00fajra r\u00e1ncba tudjuk szedni. \u00c9ppen ez\u00e9rt jobb megel\u0151zni a bajt :)\r\n\r\nA nap, az UV- sugarak, a kl\u00f3ros vagy s\u00f3s v\u00edz mind-mind roncsolj\u00e1k hajsz\u00e1lainkat. A strandon k\u00fcl\u00f6n\u00f6sen nagy vesz\u00e9lynek tessz\u00fck ki hajunkat, hiszen a kl\u00f3r \u00e9s a s\u00f3szemcs\u00e9k napf\u00e9ny hat\u00e1s\u00e1ra rong\u00e1lj\u00e1k hajunkat. A kisz\u00e1radt hajunkb\u00f3l az UV sugarak hat\u00e1s\u00e1ra a pigmentek is roncsol\u00f3dnak, ez\u00e9rt a haj nem csak sz\u00edn\u00e9t, de k\u00e9s\u0151bb tart\u00e1s\u00e1t is elveszti \u00e9s merev lesz. Mit tehet\u00fcnk, hogy mindezt megel\u0151zz\u00fck?\r\n\r\n<a href=\"https:\/\/avontippek.cafeblog.hu\/files\/2014\/07\/haj-1.jpg\"><img class=\"aligncenter  wp-image-408\" src=\"https:\/\/avontippek.cafeblog.hu\/files\/2014\/07\/haj-1-300x200.jpg\" alt=\"haj 1\" width=\"423\" height=\"282\" \/><\/a>\r\n\r\nEl\u0151sz\u00f6r is alaposan mossuk meg hajunkat a hajt\u00edpusunknak megfelel\u0151 samponnal. V\u00e1laszthatunk sz\u00ednv\u00e9d\u0151t, d\u00fas\u00edt\u00f3t, hajer\u0151s\u00edt\u0151t vagy d\u00f6nthet\u00fcnk a szerint is, hogy milyen \u00e1llapotban van jelenleg a hajunk \u2013 sz\u00e1raz, t\u00f6redezett, lelapul\u00f3 vagy \u00e9ppen fak\u00f3. K\u00f6zel 20 f\u00e9le samponb\u00f3l v\u00e1laszthatunk, melyek mell\u00e9 heti 1-2 alkalommal haszn\u00e1ljunk balzsamot.\r\n\r\n<a href=\"https:\/\/avontippek.cafeblog.hu\/files\/2014\/07\/mosas.jpg\"><img class=\"aligncenter size-medium wp-image-409\" src=\"https:\/\/avontippek.cafeblog.hu\/files\/2014\/07\/mosas-300x225.jpg\" alt=\"mosas\" width=\"300\" height=\"225\" \/><\/a>\r\n\r\nA balzsam nem csak a kif\u00e9s\u00fcl\u00e9sben seg\u00edt, de hasznos t\u00e1panyagokat juttat a hajba. K\u00f6zvetlen\u00fcl hajmos\u00e1s ut\u00e1n vigy\u00fck fel a hajunkra (a hajt\u00f6veket jobb kihagyni, mert elnehez\u00edti azokat \u00e9s a v\u00e9geredm\u00e9ny lelapul\u00f3 haj lesz) majd p\u00e1r perc m\u00falva b\u0151 v\u00edzzel \u00f6bl\u00edts\u00fck le.\r\n\r\nBalzsam helyett v\u00e1laszthatunk hajmaszkot is. A Planet Spa term\u00e9kcsal\u00e1d leg\u00fajabb tagja az Amazonian Treasures egy t\u00e1pl\u00e1l\u00f3, hidrat\u00e1l\u00f3 maszkot tartalmaz. Ezt kicsit hosszabb idej\u00fck hagyjuk a hajunkon, de ezt is le kell \u00f6bl\u00edteni! A balzsam \u00e9s\/vagy maszk folyamatos haszn\u00e1lata seg\u00edt, hogy a haj eg\u00e9szs\u00e9ges maradjon.\r\n\r\n<a href=\"https:\/\/avontippek.cafeblog.hu\/files\/2014\/07\/haj2.jpg\"><img class=\"aligncenter  wp-image-410\" src=\"https:\/\/avontippek.cafeblog.hu\/files\/2014\/07\/haj2-300x200.jpg\" alt=\"haj2\" width=\"369\" height=\"246\" \/><\/a>\r\n\r\nEgy valamire azonban m\u00e9g nem gondoltunk\u2026m\u00e9gpedig a hajv\u00e9gekre! Ha valami, h\u00e1t akkor a sz\u00e9tny\u00edl\u00f3 hajv\u00e9gek azok, amik igaz\u00e1n eg\u00e9szs\u00e9gtelenn\u00e9 \u00e9s \u00e1polatlann\u00e1 tudnak tenni egy hajkoron\u00e1t. A hajv\u00e9ged id\u0151vel akarva-akaratlanul is sz\u00e9tv\u00e1ltak, elt\u00f6redeznek. A sok f\u00e9s\u00fcl\u00e9s, sz\u00e1r\u00edt\u00e1s \u00e9s vasal\u00e1s k\u00fcl\u00f6n\u00f6sen ig\u00e9nybe veszik a hajv\u00e9geket. \u00c9ppen ez\u00e9rt, minden mos\u00e1s ut\u00e1n \u2013 hetente legal\u00e1bb 1 alkalommal \u2013 haszn\u00e1ljunk hajv\u00e9g\u00e1pol\u00f3 sz\u00e9rumot! \u00dcgyelj\u00fcnk arra, hogy l\u00e9pcs\u0151sre v\u00e1gott hajn\u00e1l, ne csak a hajunk legv\u00e9g\u00e9t olajozzuk, hiszen magasabban is vannak hajv\u00e9gek :)\r\n\r\n<a href=\"https:\/\/avontippek.cafeblog.hu\/files\/2014\/07\/szerum.jpg\"><img class=\"aligncenter  wp-image-411\" src=\"https:\/\/avontippek.cafeblog.hu\/files\/2014\/07\/szerum-300x129.jpg\" alt=\"szerum\" width=\"537\" height=\"231\" \/><\/a>\r\n\r\nTerm\u00e9szetesen ezek az \u00e1pol\u00f3k nem helyettes\u00edtik a rendszeres hajv\u00e1g\u00e1st, de haszn\u00e1latuk seg\u00edts\u00e9g\u00e9vel 2 hajv\u00e1g\u00e1s k\u00f6z\u00f6tt is lehet gy\u00f6ny\u00f6r\u0171 \u00e9s eg\u00e9szs\u00e9ges a hajunk.","type":"rich"}